{"id":13268,"date":"2021-10-18T18:32:00","date_gmt":"2021-10-18T16:32:00","guid":{"rendered":"https:\/\/vocum.ca\/?page_id=13268"},"modified":"2021-10-18T18:32:01","modified_gmt":"2021-10-18T16:32:01","slug":"prix-2019","status":"publish","type":"page","link":"https:\/\/vocum.ca\/en\/editions-passees\/vocum-2019-langage-et-temps\/prix-2019\/","title":{"rendered":"Prix 2019"},"content":{"rendered":"\n<p>VocUM souhaite f\u00e9liciter \u00e0 nouveau les r\u00e9cipiendaires des prix de pr\u00e9sentation de la 6e \u00e9dition, VocUM 2019 \u2013 Langage et temps et offrir ses plus sinc\u00e8res remerciements aux partenaires de cette remise de prix.<\/p>\n\n\n\n<p>En 1\u00e8re place : Cl\u00e9o Mathieu, dont la pr\u00e9sentation s\u2019intitulait \u00ab Typologie des propositions de simplifications du syst\u00e8me d\u2019accord du participe pass\u00e9 \u00e9mises par les grammairiens depuis le 17e si\u00e8cle \u00bb.<\/p>\n\n\n\n<p>En 2e place : Alexandre Herbay, dont la pr\u00e9sentation s\u2019intitulait \u00ab Les effets des processus de pr\u00e9diction et d\u2019int\u00e9gration sur la composante N400 en potentiel \u00e9voqu\u00e9: une \u00e9tude en amor\u00e7age relationnel \u00bb.<\/p>\n\n\n\n<p>En 3e place : Patricia Laniel, dont la pr\u00e9sentation s\u2019intitulait \u00ab Sensibilit\u00e9 et sp\u00e9cificit\u00e9 des mesures de vitesse et de pr\u00e9cision de lecture du TELEQ dans la dyslexie selon le niveau scolaire \u00bb.<\/p>\n\n\n\n<figure class=\"wp-block-image\"><img decoding=\"async\" src=\"https:\/\/vocum.ca\/wp-content\/uploads\/2020\/01\/78996586_1349481855261437_157866170119094272_o.jpg\" alt=\"\"\/><\/figure>\n","protected":false},"excerpt":{"rendered":"<p>VocUM souhaite f\u00e9liciter \u00e0 nouveau les r\u00e9cipiendaires des prix de pr\u00e9sentation de la 6e \u00e9dition, VocUM 2019 \u2013 Langage et temps et offrir ses plus sinc\u00e8res remerciements aux partenaires de cette remise de prix. En 1\u00e8re place : Cl\u00e9o Mathieu, dont la pr\u00e9sentation s\u2019intitulait \u00ab Typologie des propositions de simplifications du syst\u00e8me d\u2019accord du participe [&hellip;]<\/p>\n","protected":false},"author":1,"featured_media":0,"parent":13246,"menu_order":0,"comment_status":"closed","ping_status":"closed","template":"","meta":{"footnotes":""},"class_list":["post-13268","page","type-page","status-publish","hentry"],"_links":{"self":[{"href":"https:\/\/vocum.ca\/en\/wp-json\/wp\/v2\/pages\/13268","targetHints":{"allow":["GET"]}}],"collection":[{"href":"https:\/\/vocum.ca\/en\/wp-json\/wp\/v2\/pages"}],"about":[{"href":"https:\/\/vocum.ca\/en\/wp-json\/wp\/v2\/types\/page"}],"author":[{"embeddable":true,"href":"https:\/\/vocum.ca\/en\/wp-json\/wp\/v2\/users\/1"}],"replies":[{"embeddable":true,"href":"https:\/\/vocum.ca\/en\/wp-json\/wp\/v2\/comments?post=13268"}],"version-history":[{"count":1,"href":"https:\/\/vocum.ca\/en\/wp-json\/wp\/v2\/pages\/13268\/revisions"}],"predecessor-version":[{"id":13269,"href":"https:\/\/vocum.ca\/en\/wp-json\/wp\/v2\/pages\/13268\/revisions\/13269"}],"up":[{"embeddable":true,"href":"https:\/\/vocum.ca\/en\/wp-json\/wp\/v2\/pages\/13246"}],"wp:attachment":[{"href":"https:\/\/vocum.ca\/en\/wp-json\/wp\/v2\/media?parent=13268"}],"curies":[{"name":"wp","href":"https:\/\/api.w.org\/{rel}","templated":true}]}}